{"id":612,"date":"2020-07-05T11:53:24","date_gmt":"2020-07-05T09:53:24","guid":{"rendered":"https:\/\/usoberbruckdolleren.fr\/?page_id=612"},"modified":"2024-02-09T09:14:58","modified_gmt":"2024-02-09T08:14:58","slug":"stage-vacances-football","status":"publish","type":"page","link":"https:\/\/usoberbruckdolleren.fr\/?page_id=612","title":{"rendered":"Stages vacances football"},"content":{"rendered":"\t\t<div data-elementor-type=\"wp-page\" data-elementor-id=\"612\" class=\"elementor elementor-612\">\n\t\t\t\t\t\t<section class=\"elementor-section elementor-top-section elementor-element elementor-element-75d80ca elementor-section-boxed elementor-section-height-default elementor-section-height-default\" data-id=\"75d80ca\" data-element_type=\"section\">\n\t\t\t\t\t\t<div class=\"elementor-container elementor-column-gap-default\">\n\t\t\t\t\t<div class=\"elementor-column elementor-col-100 elementor-top-column elementor-element elementor-element-b0e4ffc\" data-id=\"b0e4ffc\" data-element_type=\"column\">\n\t\t\t<div class=\"elementor-widget-wrap elementor-element-populated\">\n\t\t\t\t\t\t<div class=\"elementor-element elementor-element-8766d53 elementor-widget elementor-widget-heading\" data-id=\"8766d53\" data-element_type=\"widget\" data-widget_type=\"heading.default\">\n\t\t\t\t<div class=\"elementor-widget-container\">\n\t\t\t\t\t<h2 class=\"elementor-heading-title elementor-size-default\">1er Stage Futsal<br><\/h2>\t\t\t\t<\/div>\n\t\t\t\t<\/div>\n\t\t\t\t\t<\/div>\n\t\t<\/div>\n\t\t\t\t\t<\/div>\n\t\t<\/section>\n\t\t\t\t<section class=\"elementor-section elementor-top-section elementor-element elementor-element-af060b6 elementor-section-boxed elementor-section-height-default elementor-section-height-default\" data-id=\"af060b6\" data-element_type=\"section\">\n\t\t\t\t\t\t<div class=\"elementor-container elementor-column-gap-default\">\n\t\t\t\t\t<div class=\"elementor-column elementor-col-100 elementor-top-column elementor-element elementor-element-831f2e8\" data-id=\"831f2e8\" data-element_type=\"column\">\n\t\t\t<div class=\"elementor-widget-wrap elementor-element-populated\">\n\t\t\t\t\t\t<div class=\"elementor-element elementor-element-02c1f72 elementor-widget elementor-widget-text-editor\" data-id=\"02c1f72\" data-element_type=\"widget\" data-widget_type=\"text-editor.default\">\n\t\t\t\t<div class=\"elementor-widget-container\">\n\t\t\t\t\t\t\t\t\t<p>Le 1er stage Futsal aura lieu les 4, 5 et 7 mars 2024 au Cosec de Masevaux de 13h30 \u00e0 17h30. COMPLET!<\/p>\t\t\t\t\t\t\t\t<\/div>\n\t\t\t\t<\/div>\n\t\t\t\t\t<\/div>\n\t\t<\/div>\n\t\t\t\t\t<\/div>\n\t\t<\/section>\n\t\t\t\t<section class=\"elementor-section elementor-top-section elementor-element elementor-element-4300587d elementor-section-boxed elementor-section-height-default elementor-section-height-default\" data-id=\"4300587d\" data-element_type=\"section\">\n\t\t\t\t\t\t<div class=\"elementor-container elementor-column-gap-default\">\n\t\t\t\t\t<div class=\"elementor-column elementor-col-100 elementor-top-column elementor-element elementor-element-53b76a91\" data-id=\"53b76a91\" data-element_type=\"column\">\n\t\t\t<div class=\"elementor-widget-wrap elementor-element-populated\">\n\t\t\t\t\t\t<div class=\"elementor-element elementor-element-7307dbd5 elementor-widget elementor-widget-text-editor\" data-id=\"7307dbd5\" data-element_type=\"widget\" data-widget_type=\"text-editor.default\">\n\t\t\t\t<div class=\"elementor-widget-container\">\n\t\t\t\t\t\t\t\t\t<p><\/p>\n<h2 class=\"wp-block-heading\"><a href=\"https:\/\/usoberbruckdolleren.fr\/wp-content\/uploads\/2023\/10\/stagefoot2023.jpg\">Photo \u00e9dition 2023<img fetchpriority=\"high\" decoding=\"async\" class=\"alignnone size-large wp-image-1666\" src=\"https:\/\/usoberbruckdolleren.fr\/wp-content\/uploads\/2023\/10\/stagefoot2023-1024x768.jpg\" alt=\"\" width=\"1024\" height=\"768\" srcset=\"https:\/\/usoberbruckdolleren.fr\/wp-content\/uploads\/2023\/10\/stagefoot2023-1024x768.jpg 1024w, https:\/\/usoberbruckdolleren.fr\/wp-content\/uploads\/2023\/10\/stagefoot2023-300x225.jpg 300w, https:\/\/usoberbruckdolleren.fr\/wp-content\/uploads\/2023\/10\/stagefoot2023-768x576.jpg 768w, https:\/\/usoberbruckdolleren.fr\/wp-content\/uploads\/2023\/10\/stagefoot2023-1536x1152.jpg 1536w, https:\/\/usoberbruckdolleren.fr\/wp-content\/uploads\/2023\/10\/stagefoot2023.jpg 2016w\" sizes=\"(max-width: 1024px) 100vw, 1024px\" \/><\/a>Photos \u00e9dition 2022<\/h2>\n<p><\/p>\n<p><\/p>\n<p>Les stages vacances foot organis\u00e9s en juillet ont a nouveau \u00e9t\u00e9 couronn\u00e9s de succ\u00e8s, sous un soleil de plomb! Bravo \u00e0 tous les participants et rendez-vous \u00e0 l&rsquo;ann\u00e9e prochaine!<\/p>\n<p>\u00a0<\/p>\n<p><\/p>\n<p><\/p>\n<figure class=\"wp-block-image size-large\"><img decoding=\"async\" width=\"576\" height=\"1024\" class=\"wp-image-1342\" src=\"https:\/\/usoberbruckdolleren.fr\/wp-content\/uploads\/2022\/08\/image0-1-576x1024.jpeg\" alt=\"\" srcset=\"https:\/\/usoberbruckdolleren.fr\/wp-content\/uploads\/2022\/08\/image0-1-576x1024.jpeg 576w, https:\/\/usoberbruckdolleren.fr\/wp-content\/uploads\/2022\/08\/image0-1-169x300.jpeg 169w, https:\/\/usoberbruckdolleren.fr\/wp-content\/uploads\/2022\/08\/image0-1-768x1365.jpeg 768w, https:\/\/usoberbruckdolleren.fr\/wp-content\/uploads\/2022\/08\/image0-1-864x1536.jpeg 864w, https:\/\/usoberbruckdolleren.fr\/wp-content\/uploads\/2022\/08\/image0-1.jpeg 949w\" sizes=\"(max-width: 576px) 100vw, 576px\" \/><\/figure>\n<p><\/p>\n<p><\/p>\n<figure class=\"wp-block-image size-large\"><img decoding=\"async\" width=\"1024\" height=\"768\" class=\"wp-image-1343\" src=\"https:\/\/usoberbruckdolleren.fr\/wp-content\/uploads\/2022\/08\/image7-1-1024x768.jpeg\" alt=\"\" srcset=\"https:\/\/usoberbruckdolleren.fr\/wp-content\/uploads\/2022\/08\/image7-1-1024x768.jpeg 1024w, https:\/\/usoberbruckdolleren.fr\/wp-content\/uploads\/2022\/08\/image7-1-300x225.jpeg 300w, https:\/\/usoberbruckdolleren.fr\/wp-content\/uploads\/2022\/08\/image7-1-768x576.jpeg 768w, https:\/\/usoberbruckdolleren.fr\/wp-content\/uploads\/2022\/08\/image7-1-1536x1152.jpeg 1536w, https:\/\/usoberbruckdolleren.fr\/wp-content\/uploads\/2022\/08\/image7-1.jpeg 2016w\" sizes=\"(max-width: 1024px) 100vw, 1024px\" \/><\/figure>\n<p><\/p>\n<p><\/p>\n<figure class=\"wp-block-image size-large\"><img loading=\"lazy\" decoding=\"async\" width=\"768\" height=\"1024\" class=\"wp-image-1344\" src=\"https:\/\/usoberbruckdolleren.fr\/wp-content\/uploads\/2022\/08\/image6-1-768x1024.jpeg\" alt=\"\" srcset=\"https:\/\/usoberbruckdolleren.fr\/wp-content\/uploads\/2022\/08\/image6-1-768x1024.jpeg 768w, https:\/\/usoberbruckdolleren.fr\/wp-content\/uploads\/2022\/08\/image6-1-225x300.jpeg 225w, https:\/\/usoberbruckdolleren.fr\/wp-content\/uploads\/2022\/08\/image6-1-1152x1536.jpeg 1152w, https:\/\/usoberbruckdolleren.fr\/wp-content\/uploads\/2022\/08\/image6-1-rotated.jpeg 1512w\" sizes=\"(max-width: 768px) 100vw, 768px\" \/><\/figure>\n<p><\/p>\n<p><\/p>\n<figure class=\"wp-block-image size-large\"><img loading=\"lazy\" decoding=\"async\" width=\"1024\" height=\"768\" class=\"wp-image-1345\" src=\"https:\/\/usoberbruckdolleren.fr\/wp-content\/uploads\/2022\/08\/image1-1-1024x768.jpeg\" alt=\"\" srcset=\"https:\/\/usoberbruckdolleren.fr\/wp-content\/uploads\/2022\/08\/image1-1-1024x768.jpeg 1024w, https:\/\/usoberbruckdolleren.fr\/wp-content\/uploads\/2022\/08\/image1-1-300x225.jpeg 300w, https:\/\/usoberbruckdolleren.fr\/wp-content\/uploads\/2022\/08\/image1-1-768x576.jpeg 768w, https:\/\/usoberbruckdolleren.fr\/wp-content\/uploads\/2022\/08\/image1-1-1536x1152.jpeg 1536w, https:\/\/usoberbruckdolleren.fr\/wp-content\/uploads\/2022\/08\/image1-1.jpeg 2016w\" sizes=\"(max-width: 1024px) 100vw, 1024px\" \/><\/figure>\n<p><\/p>\n<p><\/p>\n<figure class=\"wp-block-image size-large\"><img loading=\"lazy\" decoding=\"async\" width=\"1024\" height=\"768\" class=\"wp-image-1349\" src=\"https:\/\/usoberbruckdolleren.fr\/wp-content\/uploads\/2022\/08\/image3-2-1024x768.jpeg\" alt=\"\" srcset=\"https:\/\/usoberbruckdolleren.fr\/wp-content\/uploads\/2022\/08\/image3-2-1024x768.jpeg 1024w, https:\/\/usoberbruckdolleren.fr\/wp-content\/uploads\/2022\/08\/image3-2-300x225.jpeg 300w, https:\/\/usoberbruckdolleren.fr\/wp-content\/uploads\/2022\/08\/image3-2-768x576.jpeg 768w, https:\/\/usoberbruckdolleren.fr\/wp-content\/uploads\/2022\/08\/image3-2-1536x1152.jpeg 1536w, https:\/\/usoberbruckdolleren.fr\/wp-content\/uploads\/2022\/08\/image3-2.jpeg 2016w\" sizes=\"(max-width: 1024px) 100vw, 1024px\" \/><\/figure>\n<p><\/p>\n<p><\/p>\n<figure class=\"wp-block-image size-large\"><img loading=\"lazy\" decoding=\"async\" width=\"1024\" height=\"768\" class=\"wp-image-1348\" src=\"https:\/\/usoberbruckdolleren.fr\/wp-content\/uploads\/2022\/08\/image4-1-1024x768.jpeg\" alt=\"\" srcset=\"https:\/\/usoberbruckdolleren.fr\/wp-content\/uploads\/2022\/08\/image4-1-1024x768.jpeg 1024w, https:\/\/usoberbruckdolleren.fr\/wp-content\/uploads\/2022\/08\/image4-1-300x225.jpeg 300w, https:\/\/usoberbruckdolleren.fr\/wp-content\/uploads\/2022\/08\/image4-1-768x576.jpeg 768w, https:\/\/usoberbruckdolleren.fr\/wp-content\/uploads\/2022\/08\/image4-1-1536x1152.jpeg 1536w, https:\/\/usoberbruckdolleren.fr\/wp-content\/uploads\/2022\/08\/image4-1.jpeg 2016w\" sizes=\"(max-width: 1024px) 100vw, 1024px\" \/><\/figure>\n<p><\/p>\n<p><\/p>\n<figure class=\"wp-block-image size-large\"><img loading=\"lazy\" decoding=\"async\" width=\"1024\" height=\"768\" class=\"wp-image-1350\" src=\"https:\/\/usoberbruckdolleren.fr\/wp-content\/uploads\/2022\/08\/image5-1-1024x768.jpeg\" alt=\"\" srcset=\"https:\/\/usoberbruckdolleren.fr\/wp-content\/uploads\/2022\/08\/image5-1-1024x768.jpeg 1024w, https:\/\/usoberbruckdolleren.fr\/wp-content\/uploads\/2022\/08\/image5-1-300x225.jpeg 300w, https:\/\/usoberbruckdolleren.fr\/wp-content\/uploads\/2022\/08\/image5-1-768x576.jpeg 768w, https:\/\/usoberbruckdolleren.fr\/wp-content\/uploads\/2022\/08\/image5-1-1536x1152.jpeg 1536w, https:\/\/usoberbruckdolleren.fr\/wp-content\/uploads\/2022\/08\/image5-1.jpeg 2016w\" sizes=\"(max-width: 1024px) 100vw, 1024px\" \/><\/figure>\n<p><\/p>\n<p><\/p>\n<p><\/p>\n<p><\/p>\n<h2 class=\"wp-block-heading\">Photos \u00e9dition 2021<\/h2>\n<p><\/p>\n<p><\/p>\n<div class=\"wp-block-jetpack-slideshow aligncenter\" data-effect=\"slide\">\n<div class=\"wp-block-jetpack-slideshow_container swiper-container\">\n<ul class=\"wp-block-jetpack-slideshow_swiper-wrapper swiper-wrapper\">\n<li class=\"wp-block-jetpack-slideshow_slide swiper-slide\">\n<figure><img loading=\"lazy\" decoding=\"async\" width=\"1200\" height=\"1406\" class=\"wp-block-jetpack-slideshow_image wp-image-982\" src=\"https:\/\/usoberbruckdolleren.fr\/wp-content\/uploads\/2021\/07\/findestage1-3.jpg\" alt=\"\" data-id=\"982\" srcset=\"https:\/\/usoberbruckdolleren.fr\/wp-content\/uploads\/2021\/07\/findestage1-3.jpg 1200w, https:\/\/usoberbruckdolleren.fr\/wp-content\/uploads\/2021\/07\/findestage1-3-256x300.jpg 256w, https:\/\/usoberbruckdolleren.fr\/wp-content\/uploads\/2021\/07\/findestage1-3-874x1024.jpg 874w, https:\/\/usoberbruckdolleren.fr\/wp-content\/uploads\/2021\/07\/findestage1-3-768x900.jpg 768w\" sizes=\"(max-width: 1200px) 100vw, 1200px\" \/><\/figure>\n<\/li>\n<li class=\"wp-block-jetpack-slideshow_slide swiper-slide\">\n<figure><img loading=\"lazy\" decoding=\"async\" width=\"2400\" height=\"1350\" class=\"wp-block-jetpack-slideshow_image wp-image-984\" src=\"https:\/\/usoberbruckdolleren.fr\/wp-content\/uploads\/2021\/07\/finpetitstage-2.jpg\" alt=\"\" data-id=\"984\" srcset=\"https:\/\/usoberbruckdolleren.fr\/wp-content\/uploads\/2021\/07\/finpetitstage-2.jpg 2400w, https:\/\/usoberbruckdolleren.fr\/wp-content\/uploads\/2021\/07\/finpetitstage-2-300x169.jpg 300w, https:\/\/usoberbruckdolleren.fr\/wp-content\/uploads\/2021\/07\/finpetitstage-2-1024x576.jpg 1024w, https:\/\/usoberbruckdolleren.fr\/wp-content\/uploads\/2021\/07\/finpetitstage-2-768x432.jpg 768w, https:\/\/usoberbruckdolleren.fr\/wp-content\/uploads\/2021\/07\/finpetitstage-2-1536x864.jpg 1536w, https:\/\/usoberbruckdolleren.fr\/wp-content\/uploads\/2021\/07\/finpetitstage-2-2048x1152.jpg 2048w\" sizes=\"(max-width: 2400px) 100vw, 2400px\" \/><\/figure>\n<\/li>\n<li class=\"wp-block-jetpack-slideshow_slide swiper-slide\">\n<figure><img loading=\"lazy\" decoding=\"async\" width=\"1800\" height=\"1200\" class=\"wp-block-jetpack-slideshow_image wp-image-990\" src=\"https:\/\/usoberbruckdolleren.fr\/wp-content\/uploads\/2021\/07\/finpetitstage2-3.jpg\" alt=\"\" data-id=\"990\" srcset=\"https:\/\/usoberbruckdolleren.fr\/wp-content\/uploads\/2021\/07\/finpetitstage2-3.jpg 1800w, https:\/\/usoberbruckdolleren.fr\/wp-content\/uploads\/2021\/07\/finpetitstage2-3-300x200.jpg 300w, https:\/\/usoberbruckdolleren.fr\/wp-content\/uploads\/2021\/07\/finpetitstage2-3-1024x683.jpg 1024w, https:\/\/usoberbruckdolleren.fr\/wp-content\/uploads\/2021\/07\/finpetitstage2-3-768x512.jpg 768w, https:\/\/usoberbruckdolleren.fr\/wp-content\/uploads\/2021\/07\/finpetitstage2-3-1536x1024.jpg 1536w\" sizes=\"(max-width: 1800px) 100vw, 1800px\" \/><\/figure>\n<\/li>\n<li class=\"wp-block-jetpack-slideshow_slide swiper-slide\">\n<figure><img loading=\"lazy\" decoding=\"async\" width=\"1509\" height=\"1809\" class=\"wp-block-jetpack-slideshow_image wp-image-992\" src=\"https:\/\/usoberbruckdolleren.fr\/wp-content\/uploads\/2021\/07\/findestage2-5.jpg\" alt=\"\" data-id=\"992\" srcset=\"https:\/\/usoberbruckdolleren.fr\/wp-content\/uploads\/2021\/07\/findestage2-5.jpg 1509w, https:\/\/usoberbruckdolleren.fr\/wp-content\/uploads\/2021\/07\/findestage2-5-250x300.jpg 250w, https:\/\/usoberbruckdolleren.fr\/wp-content\/uploads\/2021\/07\/findestage2-5-854x1024.jpg 854w, https:\/\/usoberbruckdolleren.fr\/wp-content\/uploads\/2021\/07\/findestage2-5-768x921.jpg 768w, https:\/\/usoberbruckdolleren.fr\/wp-content\/uploads\/2021\/07\/findestage2-5-1281x1536.jpg 1281w\" sizes=\"(max-width: 1509px) 100vw, 1509px\" \/><\/figure>\n<\/li>\n<\/ul>\n<div class=\"wp-block-jetpack-slideshow_pagination swiper-pagination swiper-pagination-white\">\u00a0<\/div>\n<\/div>\n<\/div>\n<p><\/p>\n<p><\/p>\n<div class=\"wp-block-jetpack-slideshow aligncenter\" data-effect=\"slide\">\n<div class=\"wp-block-jetpack-slideshow_container swiper-container\">\n<ul class=\"wp-block-jetpack-slideshow_swiper-wrapper swiper-wrapper\">\n<li class=\"wp-block-jetpack-slideshow_slide swiper-slide\">\n<figure><img loading=\"lazy\" decoding=\"async\" width=\"609\" height=\"295\" class=\"wp-block-jetpack-slideshow_image wp-image-939\" src=\"https:\/\/usoberbruckdolleren.fr\/wp-content\/uploads\/2021\/06\/logo_HUB_la_vie_hyper_facile_V-page-001-1.jpg\" alt=\"\" data-id=\"939\" srcset=\"https:\/\/usoberbruckdolleren.fr\/wp-content\/uploads\/2021\/06\/logo_HUB_la_vie_hyper_facile_V-page-001-1.jpg 609w, https:\/\/usoberbruckdolleren.fr\/wp-content\/uploads\/2021\/06\/logo_HUB_la_vie_hyper_facile_V-page-001-1-300x145.jpg 300w\" sizes=\"(max-width: 609px) 100vw, 609px\" \/>\n<p>\u00a0<\/p>\n<figcaption class=\"wp-block-jetpack-slideshow_caption gallery-caption\">la vie hyper facile!<\/figcaption>\n<\/figure>\n<\/li>\n<li class=\"wp-block-jetpack-slideshow_slide swiper-slide\">\n<figure><img loading=\"lazy\" decoding=\"async\" width=\"2560\" height=\"1810\" class=\"wp-block-jetpack-slideshow_image wp-image-940\" src=\"https:\/\/usoberbruckdolleren.fr\/wp-content\/uploads\/2021\/06\/logosoftcleansedepot-scaled.jpg\" alt=\"\" data-id=\"940\" srcset=\"https:\/\/usoberbruckdolleren.fr\/wp-content\/uploads\/2021\/06\/logosoftcleansedepot-scaled.jpg 2560w, https:\/\/usoberbruckdolleren.fr\/wp-content\/uploads\/2021\/06\/logosoftcleansedepot-300x212.jpg 300w, https:\/\/usoberbruckdolleren.fr\/wp-content\/uploads\/2021\/06\/logosoftcleansedepot-1024x724.jpg 1024w, https:\/\/usoberbruckdolleren.fr\/wp-content\/uploads\/2021\/06\/logosoftcleansedepot-768x543.jpg 768w, https:\/\/usoberbruckdolleren.fr\/wp-content\/uploads\/2021\/06\/logosoftcleansedepot-1536x1086.jpg 1536w, https:\/\/usoberbruckdolleren.fr\/wp-content\/uploads\/2021\/06\/logosoftcleansedepot-2048x1448.jpg 2048w\" sizes=\"(max-width: 2560px) 100vw, 2560px\" \/>\n<p>\u00a0<\/p>\n<figcaption class=\"wp-block-jetpack-slideshow_caption gallery-caption\">le bain de pieds d\u00e9toxifiant<\/figcaption>\n<\/figure>\n<\/li>\n<li class=\"wp-block-jetpack-slideshow_slide swiper-slide\">\n<figure><img loading=\"lazy\" decoding=\"async\" width=\"472\" height=\"177\" class=\"wp-block-jetpack-slideshow_image wp-image-952\" src=\"https:\/\/usoberbruckdolleren.fr\/wp-content\/uploads\/2021\/06\/Logo-CCM-Doller-1.png\" alt=\"\" data-id=\"952\" srcset=\"https:\/\/usoberbruckdolleren.fr\/wp-content\/uploads\/2021\/06\/Logo-CCM-Doller-1.png 472w, https:\/\/usoberbruckdolleren.fr\/wp-content\/uploads\/2021\/06\/Logo-CCM-Doller-1-300x113.png 300w\" sizes=\"(max-width: 472px) 100vw, 472px\" \/><\/figure>\n<\/li>\n<li class=\"wp-block-jetpack-slideshow_slide swiper-slide\">\n<figure><img loading=\"lazy\" decoding=\"async\" width=\"1024\" height=\"274\" class=\"wp-block-jetpack-slideshow_image wp-image-954\" src=\"https:\/\/usoberbruckdolleren.fr\/wp-content\/uploads\/2021\/06\/logo-adam-pour-panneau-pdf-1024x274-1.jpg\" alt=\"\" data-id=\"954\" srcset=\"https:\/\/usoberbruckdolleren.fr\/wp-content\/uploads\/2021\/06\/logo-adam-pour-panneau-pdf-1024x274-1.jpg 1024w, https:\/\/usoberbruckdolleren.fr\/wp-content\/uploads\/2021\/06\/logo-adam-pour-panneau-pdf-1024x274-1-300x80.jpg 300w, https:\/\/usoberbruckdolleren.fr\/wp-content\/uploads\/2021\/06\/logo-adam-pour-panneau-pdf-1024x274-1-768x206.jpg 768w\" sizes=\"(max-width: 1024px) 100vw, 1024px\" \/>\n<p>\u00a0<\/p>\n<figcaption class=\"wp-block-jetpack-slideshow_caption gallery-caption\">vente aux professionnels et aux particuliers<\/figcaption>\n<\/figure>\n<\/li>\n<\/ul>\n<div class=\"wp-block-jetpack-slideshow_pagination swiper-pagination swiper-pagination-white\">\u00a0<\/div>\n<\/div>\n<\/div>\n<p><\/p>\n<p><\/p>\n<blockquote class=\"wp-block-quote is-layout-flow wp-block-quote-is-layout-flow\">\n<p>Un grand merci \u00e0 tous nos partenaires!<\/p>\n<\/blockquote>\n<p><\/p>\n<p><\/p>\n<p>Page Facebook des stages vacances foot: <a href=\"https:\/\/www.facebook.com\/Stages-vacances-foot-Oberbruck-103556758626463\" target=\"_blank\" rel=\"noreferrer noopener\">https:\/\/www.facebook.com\/Stages-vacances-foot-Oberbruck-103556758626463<\/a><\/p>\n<p><\/p>\t\t\t\t\t\t\t\t<\/div>\n\t\t\t\t<\/div>\n\t\t\t\t\t<\/div>\n\t\t<\/div>\n\t\t\t\t\t<\/div>\n\t\t<\/section>\n\t\t\t\t<\/div>\n\t\t","protected":false},"excerpt":{"rendered":"<p>1er Stage Futsal Le 1er stage Futsal aura lieu les 4, 5 et 7 mars 2024 au Cosec de Masevaux de 13h30 \u00e0 17h30. COMPLET! Photo \u00e9dition 2023Photos \u00e9dition 2022 Les stages vacances foot organis\u00e9s en juillet ont a nouveau \u00e9t\u00e9 couronn\u00e9s de succ\u00e8s, sous un soleil de plomb! Bravo \u00e0 tous les participants et rendez-vous \u00e0 l&rsquo;ann\u00e9e prochaine! \u00a0 Photos \u00e9dition 2021 Un grand merci \u00e0 tous nos partenaires! Page Facebook des stages vacances foot: https:\/\/www.facebook.com\/Stages-vacances-foot-Oberbruck-103556758626463<\/p>\n","protected":false},"author":2,"featured_media":0,"parent":0,"menu_order":0,"comment_status":"closed","ping_status":"closed","template":"","meta":{"footnotes":""},"class_list":["post-612","page","type-page","status-publish","hentry"],"jetpack_sharing_enabled":true,"_links":{"self":[{"href":"https:\/\/usoberbruckdolleren.fr\/index.php?rest_route=\/wp\/v2\/pages\/612","targetHints":{"allow":["GET"]}}],"collection":[{"href":"https:\/\/usoberbruckdolleren.fr\/index.php?rest_route=\/wp\/v2\/pages"}],"about":[{"href":"https:\/\/usoberbruckdolleren.fr\/index.php?rest_route=\/wp\/v2\/types\/page"}],"author":[{"embeddable":true,"href":"https:\/\/usoberbruckdolleren.fr\/index.php?rest_route=\/wp\/v2\/users\/2"}],"replies":[{"embeddable":true,"href":"https:\/\/usoberbruckdolleren.fr\/index.php?rest_route=%2Fwp%2Fv2%2Fcomments&post=612"}],"version-history":[{"count":80,"href":"https:\/\/usoberbruckdolleren.fr\/index.php?rest_route=\/wp\/v2\/pages\/612\/revisions"}],"predecessor-version":[{"id":1781,"href":"https:\/\/usoberbruckdolleren.fr\/index.php?rest_route=\/wp\/v2\/pages\/612\/revisions\/1781"}],"wp:attachment":[{"href":"https:\/\/usoberbruckdolleren.fr\/index.php?rest_route=%2Fwp%2Fv2%2Fmedia&parent=612"}],"curies":[{"name":"wp","href":"https:\/\/api.w.org\/{rel}","templated":true}]}}